{"id":206,"date":"2026-08-15T17:16:38","date_gmt":"2026-08-15T15:16:38","guid":{"rendered":"https:\/\/sandraluzz.com\/formaciones-2\/"},"modified":"2026-08-21T09:14:15","modified_gmt":"2026-08-21T07:14:15","slug":"formaciones","status":"publish","type":"page","link":"https:\/\/sandraluzz.com\/pt\/formaciones\/","title":{"rendered":"Formaciones"},"content":{"rendered":"<div class=\"wp-block-group alignfull superbthemes-navigation-004 is-layout-flow wp-block-group-is-layout-flow\" style=\"margin-top:0;margin-bottom:0;padding-top:0;padding-bottom:0\">\n<div class=\"wp-block-cover\" style=\"margin-top:0;margin-bottom:0;padding-top:var(--wp--preset--spacing--superbspacing-xxlarge);padding-right:0;padding-bottom:var(--wp--preset--spacing--superbspacing-xxlarge);padding-left:0;min-height:100px;aspect-ratio:unset;\"><img loading=\"lazy\" decoding=\"async\" width=\"1915\" height=\"821\" class=\"wp-block-cover__image-background wp-image-243 size-full\" alt=\"\" src=\"https:\/\/sandraluzz.com\/wp-content\/uploads\/2026\/08\/capaformacionesacademy.png\" data-object-fit=\"cover\" srcset=\"https:\/\/sandraluzz.com\/wp-content\/uploads\/2026\/08\/capaformacionesacademy.png 1915w, https:\/\/sandraluzz.com\/wp-content\/uploads\/2026\/08\/capaformacionesacademy-300x129.png 300w, https:\/\/sandraluzz.com\/wp-content\/uploads\/2026\/08\/capaformacionesacademy-1024x439.png 1024w, https:\/\/sandraluzz.com\/wp-content\/uploads\/2026\/08\/capaformacionesacademy-768x329.png 768w, https:\/\/sandraluzz.com\/wp-content\/uploads\/2026\/08\/capaformacionesacademy-1536x659.png 1536w, https:\/\/sandraluzz.com\/wp-content\/uploads\/2026\/08\/capaformacionesacademy-18x8.png 18w\" sizes=\"auto, (max-width: 1915px) 100vw, 1915px\" \/><span aria-hidden=\"true\" class=\"wp-block-cover__background has-background-dim-10 has-background-dim\" style=\"background-color:#3a2d25\"><\/span><div class=\"wp-block-cover__inner-container is-layout-flow wp-container-core-cover-is-layout-d0f87605 wp-block-cover-is-layout-flow\">\n<div class=\"wp-block-group alignwide has-global-padding is-layout-constrained wp-container-core-group-is-layout-5e89162f wp-block-group-is-layout-constrained\" style=\"padding-top:var(--wp--preset--spacing--superbspacing-small);padding-right:var(--wp--preset--spacing--superbspacing-medium);padding-bottom:var(--wp--preset--spacing--superbspacing-medium);padding-left:var(--wp--preset--spacing--superbspacing-medium)\">\n<h1 class=\"wp-block-heading alignwide has-text-align-center has-contrast-light-color has-text-color has-superbfont-xxlarge-font-size\" style=\"padding-right:var(--wp--preset--spacing--superbspacing-small);padding-bottom:var(--wp--preset--spacing--superbspacing-xxsmall);padding-left:var(--wp--preset--spacing--superbspacing-small);font-style:normal;font-weight:700\">Sandra Luz<br>Academy<\/h1>\n\n\n\n<p class=\"has-text-align-center\"><em>Aprende con quien lleva 30 a\u00f1os transformando cabellos<\/em><\/p>\n\n\n\n<p class=\"has-text-align-center has-contrast-light-color has-text-color has-link-color wp-elements-bf4344b9bd4ca756b532b01f22deb693\">Formaciones pr\u00e1cticas e intensivas para profesionales de la belleza, impartidas por Sandra Luz en el Eixample de Barcelona \u2014 o directamente en tu sal\u00f3n. Contenido real, certificado incluido.<\/p>\n\n\n\n<div class=\"wp-block-buttons is-content-justification-center is-layout-flex wp-container-core-buttons-is-layout-a89b3969 wp-block-buttons-is-layout-flex\">\n<div class=\"wp-block-button is-style-outline is-style-outline--1\"><a class=\"wp-block-button__link has-base-color has-text-color has-superbfont-small-font-size has-text-align-center has-custom-font-size wp-element-button\" href=\"#\" style=\"border-width:2px;border-radius:0px\">\ud83d\udccdBarcelona<\/a><\/div>\n\n\n\n<div class=\"wp-block-button is-style-outline is-style-outline--2\"><a class=\"wp-block-button__link has-base-color has-text-color has-superbfont-small-font-size has-text-align-center has-custom-font-size wp-element-button\" href=\"#\" style=\"border-width:2px;border-radius:0px\">\ud83d\udc65 Grupos reducidos<\/a><\/div>\n\n\n\n<div class=\"wp-block-button is-style-outline is-style-outline--3\"><a class=\"wp-block-button__link has-base-color has-text-color has-superbfont-small-font-size has-text-align-center has-custom-font-size wp-element-button\" href=\"#\" style=\"border-width:2px;border-radius:0px\">\ud83d\udcdc Certificado incluido<\/a><\/div>\n\n\n\n<div class=\"wp-block-button is-style-outline is-style-outline--4\"><a class=\"wp-block-button__link has-base-color has-text-color has-superbfont-small-font-size has-text-align-center has-custom-font-size wp-element-button\" href=\"#\" style=\"border-width:2px;border-radius:0px\">\ud83d\udcbc 100% pr\u00e1ctico<\/a><\/div>\n\n\n\n<div class=\"wp-block-button is-style-outline is-style-outline--5\"><a class=\"wp-block-button__link has-base-color has-text-color has-superbfont-small-font-size has-text-align-center has-custom-font-size wp-element-button\" href=\"#\" style=\"border-width:2px;border-radius:0px\">\u2b50 +30 a\u00f1os de experiencia<\/a><\/div>\n<\/div>\n<\/div>\n<\/div><\/div>\n<\/div>\n\n\n\n<div class=\"wp-block-group is-vertical is-content-justification-center is-layout-flex wp-container-core-group-is-layout-ce155fab wp-block-group-is-layout-flex\">\n<div class=\"wp-block-buttons is-content-justification-center is-layout-flex wp-container-core-buttons-is-layout-72caf8c6 wp-block-buttons-is-layout-flex\">\n<div class=\"wp-block-button\"><a class=\"wp-block-button__link wp-element-button\">\u2702\ufe0f<\/a><\/div>\n<\/div>\n\n\n\n<h2 class=\"wp-block-heading has-text-align-center\">Sandra Luz<\/h2>\n\n\n\n<p>Especialista en Peluquer\u00eda \u00b7 Formadora Profesional \u00b7 Barcelona<\/p>\n\n\n\n<p class=\"has-text-align-center\">Con m\u00e1s de tres d\u00e9cadas dedicadas al arte del cabello, Sandra Luz es una referencia en Barcelona. Especialista en rubios, mechas, colorimetr\u00eda, peinados de evento y keratina brasile\u00f1a \u2014 ha formado a decenas de profesionales y trabajado con los grandes nombres del sector. Ahora comparte todo ese conocimiento contigo, en su propio sal\u00f3n.<\/p>\n\n\n\n<div class=\"wp-block-columns is-layout-flex wp-container-core-columns-is-layout-28f84493 wp-block-columns-is-layout-flex\">\n<div class=\"wp-block-column is-layout-flow wp-block-column-is-layout-flow\" style=\"flex-basis:25%\">\n<h3 class=\"wp-block-heading has-text-align-center\">30+<\/h3>\n\n\n\n<p class=\"has-text-align-center\">a\u00f1os de experiencia<\/p>\n<\/div>\n\n\n\n<div class=\"wp-block-column is-layout-flow wp-block-column-is-layout-flow\" style=\"flex-basis:25%\">\n<h3 class=\"wp-block-heading has-text-align-center\">6<\/h3>\n\n\n\n<p class=\"has-text-align-center\">formaciones disponibles<\/p>\n<\/div>\n\n\n\n<div class=\"wp-block-column is-layout-flow wp-block-column-is-layout-flow\" style=\"flex-basis:25%\">\n<h3 class=\"wp-block-heading has-text-align-center\">100%<\/h3>\n\n\n\n<p class=\"has-text-align-center\">pr\u00e1ctico y presencial<\/p>\n<\/div>\n\n\n\n<div class=\"wp-block-column is-layout-flow wp-block-column-is-layout-flow\" style=\"flex-basis:25%\">\n<h3 class=\"wp-block-heading has-text-align-center\">BCN<\/h3>\n\n\n\n<p class=\"has-text-align-center\">sal\u00f3n c\u00e9ntrico en Barcelona<\/p>\n<\/div>\n<\/div>\n<\/div>\n\n\n\n<p><\/p>\n\n\n\n<p><\/p>\n\n\n\n<p><\/p>\n\n\n\n<div class=\"wp-block-group alignfull superbthemes-navigation-004 is-layout-flow wp-block-group-is-layout-flow\" style=\"margin-top:0;margin-bottom:0\">\n<div class=\"wp-block-cover\" style=\"margin-top:0;margin-bottom:0;padding-top:0;padding-right:0;padding-bottom:var(--wp--preset--spacing--superbspacing-xxlarge);padding-left:0;min-height:100px;aspect-ratio:unset;\"><img loading=\"lazy\" decoding=\"async\" width=\"1024\" height=\"512\" class=\"wp-block-cover__image-background wp-image-246 size-large\" alt=\"\" src=\"https:\/\/sandraluzz.com\/wp-content\/uploads\/2026\/08\/eligelaformacioncontactanosformateyrecibetucertificado-1024x512.png\" data-object-fit=\"cover\" srcset=\"https:\/\/sandraluzz.com\/wp-content\/uploads\/2026\/08\/eligelaformacioncontactanosformateyrecibetucertificado-1024x512.png 1024w, https:\/\/sandraluzz.com\/wp-content\/uploads\/2026\/08\/eligelaformacioncontactanosformateyrecibetucertificado-300x150.png 300w, https:\/\/sandraluzz.com\/wp-content\/uploads\/2026\/08\/eligelaformacioncontactanosformateyrecibetucertificado-768x384.png 768w, https:\/\/sandraluzz.com\/wp-content\/uploads\/2026\/08\/eligelaformacioncontactanosformateyrecibetucertificado-1536x768.png 1536w, https:\/\/sandraluzz.com\/wp-content\/uploads\/2026\/08\/eligelaformacioncontactanosformateyrecibetucertificado-18x9.png 18w, https:\/\/sandraluzz.com\/wp-content\/uploads\/2026\/08\/eligelaformacioncontactanosformateyrecibetucertificado.png 1774w\" sizes=\"auto, (max-width: 1024px) 100vw, 1024px\" \/><span aria-hidden=\"true\" class=\"wp-block-cover__background has-mono-1-background-color has-background-dim\"><\/span><div class=\"wp-block-cover__inner-container is-layout-flow wp-container-core-cover-is-layout-6383d5d8 wp-block-cover-is-layout-flow\">\n<div class=\"wp-block-group has-contrast-light-color has-text-color is-layout-flow wp-block-group-is-layout-flow\"><\/div>\n\n\n\n<div class=\"wp-block-columns is-layout-flex wp-container-core-columns-is-layout-28f84493 wp-block-columns-is-layout-flex\">\n<div class=\"wp-block-column is-layout-flow wp-block-column-is-layout-flow\">\n<div class=\"wp-block-group has-global-padding is-layout-constrained wp-block-group-is-layout-constrained\">\n<div class=\"wp-block-columns is-layout-flex wp-container-core-columns-is-layout-28f84493 wp-block-columns-is-layout-flex\">\n<div class=\"wp-block-column is-vertically-aligned-center is-layout-flow wp-block-column-is-layout-flow\">\n<h4 class=\"wp-block-heading has-text-align-center\"><mark style=\"background-color:rgba(0, 0, 0, 0)\" class=\"has-inline-color has-contrast-light-color\">&nbsp;El proceso<\/mark><\/h4>\n\n\n\n<h2 class=\"wp-block-heading has-text-align-center\"><mark style=\"background-color:rgba(0, 0, 0, 0)\" class=\"has-inline-color has-contrast-light-color\">\u00bfC\u00f3mo funciona&nbsp;<em>una formaci\u00f3n?<\/em><\/mark><\/h2>\n\n\n\n<p class=\"has-text-align-center\">Sencillo, directo y sin complicaciones. Desde el primer contacto hasta el certificado en tus manos.<\/p>\n\n\n\n<p class=\"has-text-align-center\">Con m\u00e1s de tres d\u00e9cadas dedicadas al arte del cabello, Sandra Luz es una referencia en Barcelona. Especialista en rubios, mechas, colorimetr\u00eda, peinados de evento y keratina brasile\u00f1a \u2014 ha formado a decenas de profesionales y trabajado con los grandes nombres del sector. Ahora comparte todo ese conocimiento contigo, en su propio sal\u00f3n.<\/p>\n<\/div>\n<\/div>\n<\/div>\n<\/div>\n<\/div>\n\n\n\n<div class=\"wp-block-group alignwide has-global-padding is-content-justification-center is-layout-constrained wp-container-core-group-is-layout-779f631a wp-block-group-is-layout-constrained\" style=\"padding-right:var(--wp--preset--spacing--superbspacing-small);padding-left:var(--wp--preset--spacing--superbspacing-small)\">\n<div class=\"wp-block-columns are-vertically-aligned-center is-layout-flex wp-container-core-columns-is-layout-28f84493 wp-block-columns-is-layout-flex\">\n<div class=\"wp-block-column is-vertically-aligned-center is-layout-flow wp-block-column-is-layout-flow\" style=\"flex-basis:25%\">\n<div class=\"wp-block-buttons is-content-justification-center is-layout-flex wp-container-core-buttons-is-layout-a89b3969 wp-block-buttons-is-layout-flex\">\n<div class=\"wp-block-button\"><a class=\"wp-block-button__link wp-element-button\">1<\/a><\/div>\n<\/div>\n\n\n\n<h5 class=\"wp-block-heading has-text-align-center\"><mark style=\"background-color:rgba(0, 0, 0, 0)\" class=\"has-inline-color has-contrast-light-color\">Elige tu formaci\u00f3n<\/mark><\/h5>\n\n\n\n<p class=\"has-text-align-center\">Consulta los m\u00f3dulos disponibles y escoge el que m\u00e1s se adapta a ti.<\/p>\n<\/div>\n\n\n\n<div class=\"wp-block-column is-vertically-aligned-center is-layout-flow wp-block-column-is-layout-flow\" style=\"flex-basis:25%\">\n<div class=\"wp-block-buttons is-content-justification-center is-layout-flex wp-container-core-buttons-is-layout-a89b3969 wp-block-buttons-is-layout-flex\">\n<div class=\"wp-block-button\"><a class=\"wp-block-button__link wp-element-button\">2<\/a><\/div>\n<\/div>\n\n\n\n<h5 class=\"wp-block-heading has-text-align-center\"><mark style=\"background-color:rgba(0, 0, 0, 0)\" class=\"has-inline-color has-contrast-light-color\">Cont\u00e1ctanos<\/mark><\/h5>\n\n\n\n<p class=\"has-text-align-center\">Nuestro equipo te atiende, resuelve tus dudas y confirma tu plaza.<\/p>\n<\/div>\n\n\n\n<div class=\"wp-block-column is-vertically-aligned-center is-layout-flow wp-block-column-is-layout-flow\" style=\"flex-basis:25%\">\n<div class=\"wp-block-buttons is-content-justification-center is-layout-flex wp-container-core-buttons-is-layout-a89b3969 wp-block-buttons-is-layout-flex\">\n<div class=\"wp-block-button\"><a class=\"wp-block-button__link wp-element-button\">3<\/a><\/div>\n<\/div>\n\n\n\n<h5 class=\"wp-block-heading has-text-align-center\"><mark style=\"background-color:rgba(0, 0, 0, 0)\" class=\"has-inline-color has-contrast-light-color\">Haz la formaci\u00f3n<\/mark><\/h5>\n\n\n\n<p class=\"has-text-align-center\">Un d\u00eda intensivo y pr\u00e1ctico en el sal\u00f3n de Sandra, aqu\u00ed en Barcelona.<\/p>\n<\/div>\n\n\n\n<div class=\"wp-block-column is-vertically-aligned-center is-layout-flow wp-block-column-is-layout-flow\" style=\"flex-basis:25%\">\n<div class=\"wp-block-buttons is-content-justification-center is-layout-flex wp-container-core-buttons-is-layout-a89b3969 wp-block-buttons-is-layout-flex\">\n<div class=\"wp-block-button\"><a class=\"wp-block-button__link wp-element-button\">4<\/a><\/div>\n<\/div>\n\n\n\n<h5 class=\"wp-block-heading has-text-align-center\"><mark style=\"background-color:rgba(0, 0, 0, 0)\" class=\"has-inline-color has-contrast-light-color\">Recibe tu certificado<\/mark><\/h5>\n\n\n\n<p class=\"has-text-align-center\">Certificado profesional emitido con la firma de Sandra Luz.<\/p>\n\n\n\n<p class=\"has-text-align-center\"><\/p>\n<\/div>\n<\/div>\n<\/div>\n<\/div><\/div>\n<\/div>\n\n\n\n<div class=\"wp-block-group alignfull has-base-background-color has-background has-global-padding is-layout-constrained wp-container-core-group-is-layout-8e9096b7 wp-block-group-is-layout-constrained\" style=\"margin-top:0;margin-bottom:0;padding-top:var(--wp--preset--spacing--superbspacing-xxlarge);padding-right:var(--wp--preset--spacing--superbspacing-small);padding-bottom:var(--wp--preset--spacing--superbspacing-xxlarge);padding-left:var(--wp--preset--spacing--superbspacing-small)\">\n<h4 class=\"wp-block-heading\">\ud83d\udccd D\u00f3nde aprendes<\/h4>\n\n\n\n<h2 class=\"wp-block-heading\">Dos modalidades,&nbsp;<em>una sola calidad<\/em><\/h2>\n\n\n\n<p>Las formaciones de Sandra Luz se adaptan a ti. Puedes venir a su sal\u00f3n en el coraz\u00f3n de Barcelona o recibir la formaci\u00f3n directamente en tu propio espacio de trabajo.<\/p>\n\n\n\n<div class=\"wp-block-columns alignwide is-layout-flex wp-container-core-columns-is-layout-25593187 wp-block-columns-is-layout-flex\">\n<div class=\"wp-block-column is-vertically-aligned-center is-layout-flow wp-container-core-column-is-layout-8a368f38 wp-block-column-is-layout-flow\">\n<div class=\"wp-block-group has-primary-background-color has-background has-global-padding is-content-justification-left is-layout-constrained wp-container-core-group-is-layout-bcc04a8e wp-block-group-is-layout-constrained\" style=\"border-radius:8px;padding-top:var(--wp--preset--spacing--superbspacing-medium);padding-right:var(--wp--preset--spacing--superbspacing-medium);padding-bottom:var(--wp--preset--spacing--superbspacing-medium);padding-left:var(--wp--preset--spacing--superbspacing-medium)\">\n<div class=\"wp-block-group is-nowrap is-layout-flex wp-container-core-group-is-layout-6c531013 wp-block-group-is-layout-flex\">\n<p>\ud83c\udfe0<\/p>\n<\/div>\n\n\n\n<div class=\"wp-block-group has-global-padding is-layout-constrained wp-container-core-group-is-layout-d598ad9d wp-block-group-is-layout-constrained\">\n<h3 class=\"wp-block-heading has-text-align-left has-contrast-light-color has-text-color has-alegreya-font-family has-superbfont-medium-font-size\">En el sal\u00f3n de Sandra<\/h3>\n\n\n\n<p class=\"has-text-align-left has-contrast-light-color has-text-color has-superbfont-xsmall-font-size\">Aprende en un espacio profesional real, totalmente equipado, en el Eixample de Barcelona. F\u00e1cil acceso en transporte p\u00fablico. Ambiente \u00edntimo y profesional.<\/p>\n<\/div>\n\n\n\n<h3 class=\"wp-block-heading has-text-align-left has-contrast-light-color has-text-color has-superbfont-small-font-size\"><a href=\"https:\/\/www.google.com\/maps?cid=14345430940697775179&amp;g_mp=CiVnb29nbGUubWFwcy5wbGFjZXMudjEuUGxhY2VzLkdldFBsYWNlEAMYASAF&amp;hl=pt-BR&amp;gl=ES&amp;source=embed\" data-type=\"link\" data-id=\"https:\/\/www.google.com\/maps?cid=14345430940697775179&amp;g_mp=CiVnb29nbGUubWFwcy5wbGFjZXMudjEuUGxhY2VzLkdldFBsYWNlEAMYASAF&amp;hl=pt-BR&amp;gl=ES&amp;source=embed\"><mark style=\"background-color:rgba(0, 0, 0, 0)\" class=\"has-inline-color has-contrast-light-color\">\ud83d\udccdEixample, Barcelona<\/mark><\/a><\/h3>\n<\/div>\n<\/div>\n\n\n\n<div class=\"wp-block-column is-vertically-aligned-center is-layout-flow wp-container-core-column-is-layout-e38e6d2d wp-block-column-is-layout-flow\">\n<div class=\"wp-block-group has-mono-4-background-color has-background has-global-padding is-content-justification-left is-layout-constrained wp-container-core-group-is-layout-bcc04a8e wp-block-group-is-layout-constrained\" style=\"border-radius:8px;padding-top:var(--wp--preset--spacing--superbspacing-medium);padding-right:var(--wp--preset--spacing--superbspacing-medium);padding-bottom:var(--wp--preset--spacing--superbspacing-medium);padding-left:var(--wp--preset--spacing--superbspacing-medium)\">\n<div class=\"wp-block-group is-nowrap is-layout-flex wp-container-core-group-is-layout-6c531013 wp-block-group-is-layout-flex\">\n<p>\u2708\ufe0f<\/p>\n<\/div>\n\n\n\n<div class=\"wp-block-group has-global-padding is-layout-constrained wp-container-core-group-is-layout-d598ad9d wp-block-group-is-layout-constrained\">\n<h3 class=\"wp-block-heading has-text-align-left has-contrast-color has-text-color has-alegreya-font-family has-superbfont-medium-font-size\">Mentor\u00eda en tu sal\u00f3n<\/h3>\n\n\n\n<p class=\"has-text-align-left has-secondary-color has-text-color has-superbfont-xsmall-font-size\">Sandra se desplaza a tu sal\u00f3n para impartir la formaci\u00f3n directamente con tu equipo. Ideal para grupos de profesionales que quieren formarse sin salir de su espacio.<\/p>\n\n\n\n<p class=\"has-text-align-left has-secondary-color has-text-color has-superbfont-xsmall-font-size\"><\/p>\n<\/div>\n\n\n\n<h3 class=\"wp-block-heading has-text-align-left has-primary-color has-text-color has-superbfont-small-font-size\"><a href=\"https:\/\/api.whatsapp.com\/send?phone=34600325248\">\ud83d\udcdeConsulta disponibilidad y condiciones<\/a><\/h3>\n<\/div>\n<\/div>\n<\/div>\n<\/div>\n\n\n\n<div class=\"wp-block-group has-global-padding is-layout-constrained wp-block-group-is-layout-constrained\">\n<h4 class=\"wp-block-heading\">\ud83c\udf93 Formaciones<br><\/h4>\n\n\n\n<h2 class=\"wp-block-heading\">Nuestros&nbsp;<em>cursos<\/em><br><\/h2>\n\n\n\n<p>Cada formaci\u00f3n es un m\u00f3dulo independiente. Elige el que necesitas, aprende con Sandra y sal con las herramientas para aplicarlo desde el primer d\u00eda.<\/p>\n<\/div>\n\n\n\n<div class=\"wp-block-group alignfull has-mono-4-background-color has-background has-global-padding is-layout-constrained wp-container-core-group-is-layout-c3433f61 wp-block-group-is-layout-constrained\" style=\"margin-top:0;margin-bottom:0;padding-top:var(--wp--preset--spacing--superbspacing-xxlarge);padding-right:var(--wp--preset--spacing--superbspacing-small);padding-bottom:var(--wp--preset--spacing--superbspacing-xxlarge);padding-left:var(--wp--preset--spacing--superbspacing-small)\">\n<div class=\"wp-block-columns alignwide is-layout-flex wp-container-core-columns-is-layout-25593187 wp-block-columns-is-layout-flex\">\n<div class=\"wp-block-column is-vertically-aligned-center is-layout-flow wp-container-core-column-is-layout-a1628350 wp-block-column-is-layout-flow\" style=\"padding-top:0;padding-right:0;padding-bottom:0;padding-left:0\">\n<div class=\"wp-block-group is-layout-flow wp-container-core-group-is-layout-ff697075 wp-block-group-is-layout-flow\">\n<h3 class=\"wp-block-heading has-text-align-left has-superbfont-xlarge-font-size\">T\u00e9cnicas de Corte y Finalizaci\u00f3n<\/h3>\n\n\n\n<p class=\"has-text-align-left has-secondary-color has-text-color has-superbfont-small-font-size\">Del diagn\u00f3stico al acabado profesional \u2014 aprende a vender el corte como servicio premium<\/p>\n<\/div>\n<\/div>\n\n\n\n<div class=\"wp-block-column is-vertically-aligned-center is-layout-flow wp-container-core-column-is-layout-40a2a7e8 wp-block-column-is-layout-flow\" style=\"padding-right:0;padding-bottom:0;padding-left:0\">\n<figure class=\"wp-block-image size-full has-custom-border\"><img loading=\"lazy\" decoding=\"async\" width=\"542\" height=\"489\" src=\"https:\/\/sandraluzz.com\/wp-content\/uploads\/2026\/08\/tecnicasdecorteycolorpeluqueriapelohair1-1.jpg\" alt=\"\" class=\"wp-image-237\" style=\"border-radius:8px\" srcset=\"https:\/\/sandraluzz.com\/wp-content\/uploads\/2026\/08\/tecnicasdecorteycolorpeluqueriapelohair1-1.jpg 542w, https:\/\/sandraluzz.com\/wp-content\/uploads\/2026\/08\/tecnicasdecorteycolorpeluqueriapelohair1-1-300x271.jpg 300w, https:\/\/sandraluzz.com\/wp-content\/uploads\/2026\/08\/tecnicasdecorteycolorpeluqueriapelohair1-1-13x12.jpg 13w\" sizes=\"auto, (max-width: 542px) 100vw, 542px\" \/><\/figure>\n<\/div>\n<\/div>\n<\/div>\n\n\n\n<div class=\"wp-block-group alignfull has-mono-4-background-color has-background has-global-padding is-layout-constrained wp-container-core-group-is-layout-c3433f61 wp-block-group-is-layout-constrained\" style=\"margin-top:0;margin-bottom:0;padding-top:var(--wp--preset--spacing--superbspacing-xxlarge);padding-right:var(--wp--preset--spacing--superbspacing-small);padding-bottom:var(--wp--preset--spacing--superbspacing-xxlarge);padding-left:var(--wp--preset--spacing--superbspacing-small)\">\n<div class=\"wp-block-columns alignwide is-layout-flex wp-container-core-columns-is-layout-25593187 wp-block-columns-is-layout-flex\">\n<div class=\"wp-block-column is-vertically-aligned-center is-layout-flow wp-container-core-column-is-layout-a1628350 wp-block-column-is-layout-flow\" style=\"padding-top:0;padding-right:0;padding-bottom:0;padding-left:0\">\n<div class=\"wp-block-group is-layout-flow wp-container-core-group-is-layout-ff697075 wp-block-group-is-layout-flow\">\n<h3 class=\"wp-block-heading has-text-align-left has-superbfont-xlarge-font-size\">Colorimetr\u00eda Profesional<\/h3>\n\n\n\n<p class=\"has-text-align-left has-secondary-color has-text-color has-superbfont-small-font-size\">De la teor\u00eda a la formulaci\u00f3n inteligente \u2014 la base de todo gran colorista<\/p>\n<\/div>\n<\/div>\n\n\n\n<div class=\"wp-block-column is-vertically-aligned-center is-layout-flow wp-container-core-column-is-layout-40a2a7e8 wp-block-column-is-layout-flow\" style=\"padding-right:0;padding-bottom:0;padding-left:0\">\n<figure class=\"wp-block-image size-full has-custom-border\"><img loading=\"lazy\" decoding=\"async\" width=\"550\" height=\"486\" src=\"https:\/\/sandraluzz.com\/wp-content\/uploads\/2026\/08\/tecnicasdecorteycolorpeluqueriapelohair2.jpg\" alt=\"\" class=\"wp-image-233\" style=\"border-radius:8px\" srcset=\"https:\/\/sandraluzz.com\/wp-content\/uploads\/2026\/08\/tecnicasdecorteycolorpeluqueriapelohair2.jpg 550w, https:\/\/sandraluzz.com\/wp-content\/uploads\/2026\/08\/tecnicasdecorteycolorpeluqueriapelohair2-300x265.jpg 300w, https:\/\/sandraluzz.com\/wp-content\/uploads\/2026\/08\/tecnicasdecorteycolorpeluqueriapelohair2-14x12.jpg 14w\" sizes=\"auto, (max-width: 550px) 100vw, 550px\" \/><\/figure>\n<\/div>\n<\/div>\n<\/div>\n\n\n\n<div class=\"wp-block-group alignfull has-mono-4-background-color has-background has-global-padding is-layout-constrained wp-container-core-group-is-layout-c3433f61 wp-block-group-is-layout-constrained\" style=\"margin-top:0;margin-bottom:0;padding-top:var(--wp--preset--spacing--superbspacing-xxlarge);padding-right:var(--wp--preset--spacing--superbspacing-small);padding-bottom:var(--wp--preset--spacing--superbspacing-xxlarge);padding-left:var(--wp--preset--spacing--superbspacing-small)\">\n<div class=\"wp-block-columns alignwide is-layout-flex wp-container-core-columns-is-layout-25593187 wp-block-columns-is-layout-flex\">\n<div class=\"wp-block-column is-vertically-aligned-center is-layout-flow wp-container-core-column-is-layout-a1628350 wp-block-column-is-layout-flow\" style=\"padding-top:0;padding-right:0;padding-bottom:0;padding-left:0\">\n<div class=\"wp-block-group is-layout-flow wp-container-core-group-is-layout-ff697075 wp-block-group-is-layout-flow\">\n<h3 class=\"wp-block-heading has-text-align-left has-superbfont-xlarge-font-size\">Correcci\u00f3n de Color<\/h3>\n\n\n\n<p class=\"has-text-align-left has-secondary-color has-text-color has-superbfont-small-font-size\">Identifica errores, corr\u00edgelos con seguridad y aprende a cobrar lo que vale<\/p>\n\n\n\n<p class=\"has-text-align-left has-secondary-color has-text-color has-superbfont-small-font-size\"><\/p>\n<\/div>\n<\/div>\n\n\n\n<div class=\"wp-block-column is-vertically-aligned-center is-layout-flow wp-container-core-column-is-layout-40a2a7e8 wp-block-column-is-layout-flow\" style=\"padding-right:0;padding-bottom:0;padding-left:0\">\n<figure class=\"wp-block-image size-full has-custom-border\"><img loading=\"lazy\" decoding=\"async\" width=\"549\" height=\"497\" src=\"https:\/\/sandraluzz.com\/wp-content\/uploads\/2026\/08\/correcciondecolortecnicasdecorteycolorpeluqueriapelohair3.jpg\" alt=\"\" class=\"wp-image-232\" style=\"border-radius:8px\" srcset=\"https:\/\/sandraluzz.com\/wp-content\/uploads\/2026\/08\/correcciondecolortecnicasdecorteycolorpeluqueriapelohair3.jpg 549w, https:\/\/sandraluzz.com\/wp-content\/uploads\/2026\/08\/correcciondecolortecnicasdecorteycolorpeluqueriapelohair3-300x272.jpg 300w, https:\/\/sandraluzz.com\/wp-content\/uploads\/2026\/08\/correcciondecolortecnicasdecorteycolorpeluqueriapelohair3-13x12.jpg 13w\" sizes=\"auto, (max-width: 549px) 100vw, 549px\" \/><\/figure>\n<\/div>\n<\/div>\n<\/div>\n\n\n\n<div class=\"wp-block-group alignfull has-mono-4-background-color has-background has-global-padding is-layout-constrained wp-container-core-group-is-layout-c3433f61 wp-block-group-is-layout-constrained\" style=\"margin-top:0;margin-bottom:0;padding-top:var(--wp--preset--spacing--superbspacing-xxlarge);padding-right:var(--wp--preset--spacing--superbspacing-small);padding-bottom:var(--wp--preset--spacing--superbspacing-xxlarge);padding-left:var(--wp--preset--spacing--superbspacing-small)\">\n<div class=\"wp-block-columns alignwide is-layout-flex wp-container-core-columns-is-layout-25593187 wp-block-columns-is-layout-flex\">\n<div class=\"wp-block-column is-vertically-aligned-center is-layout-flow wp-container-core-column-is-layout-a1628350 wp-block-column-is-layout-flow\" style=\"padding-top:0;padding-right:0;padding-bottom:0;padding-left:0\">\n<div class=\"wp-block-group is-layout-flow wp-container-core-group-is-layout-ff697075 wp-block-group-is-layout-flow\">\n<h3 class=\"wp-block-heading has-text-align-left has-superbfont-xlarge-font-size\">Mega Hair \u2013 Diferentes M\u00e9todos<\/h3>\n\n\n\n<p class=\"has-text-align-left has-secondary-color has-text-color has-superbfont-small-font-size\">Todos los m\u00e9todos de extensiones en un solo d\u00eda \u2014 domina el servicio y ampl\u00eda tu ticket<\/p>\n<\/div>\n<\/div>\n\n\n\n<div class=\"wp-block-column is-vertically-aligned-center is-layout-flow wp-container-core-column-is-layout-40a2a7e8 wp-block-column-is-layout-flow\" style=\"padding-right:0;padding-bottom:0;padding-left:0\">\n<figure class=\"wp-block-image size-large has-custom-border\"><img loading=\"lazy\" decoding=\"async\" width=\"1024\" height=\"1024\" src=\"https:\/\/sandraluzz.com\/wp-content\/uploads\/2026\/08\/megahairqueratinayalisadodepelocorrecciondecolortecnicasdecorteycolorpeluqueriahair6-1024x1024.png\" alt=\"\" class=\"wp-image-240\" style=\"border-radius:8px\" srcset=\"https:\/\/sandraluzz.com\/wp-content\/uploads\/2026\/08\/megahairqueratinayalisadodepelocorrecciondecolortecnicasdecorteycolorpeluqueriahair6-1024x1024.png 1024w, https:\/\/sandraluzz.com\/wp-content\/uploads\/2026\/08\/megahairqueratinayalisadodepelocorrecciondecolortecnicasdecorteycolorpeluqueriahair6-300x300.png 300w, https:\/\/sandraluzz.com\/wp-content\/uploads\/2026\/08\/megahairqueratinayalisadodepelocorrecciondecolortecnicasdecorteycolorpeluqueriahair6-150x150.png 150w, https:\/\/sandraluzz.com\/wp-content\/uploads\/2026\/08\/megahairqueratinayalisadodepelocorrecciondecolortecnicasdecorteycolorpeluqueriahair6-768x768.png 768w, https:\/\/sandraluzz.com\/wp-content\/uploads\/2026\/08\/megahairqueratinayalisadodepelocorrecciondecolortecnicasdecorteycolorpeluqueriahair6-12x12.png 12w, https:\/\/sandraluzz.com\/wp-content\/uploads\/2026\/08\/megahairqueratinayalisadodepelocorrecciondecolortecnicasdecorteycolorpeluqueriahair6.png 1254w\" sizes=\"auto, (max-width: 1024px) 100vw, 1024px\" \/><\/figure>\n<\/div>\n<\/div>\n<\/div>\n\n\n\n<div class=\"wp-block-group alignfull has-mono-4-background-color has-background has-global-padding is-layout-constrained wp-container-core-group-is-layout-c3433f61 wp-block-group-is-layout-constrained\" style=\"margin-top:0;margin-bottom:0;padding-top:var(--wp--preset--spacing--superbspacing-xxlarge);padding-right:var(--wp--preset--spacing--superbspacing-small);padding-bottom:var(--wp--preset--spacing--superbspacing-xxlarge);padding-left:var(--wp--preset--spacing--superbspacing-small)\">\n<div class=\"wp-block-columns alignwide is-layout-flex wp-container-core-columns-is-layout-25593187 wp-block-columns-is-layout-flex\">\n<div class=\"wp-block-column is-vertically-aligned-center is-layout-flow wp-container-core-column-is-layout-a1628350 wp-block-column-is-layout-flow\" style=\"padding-top:0;padding-right:0;padding-bottom:0;padding-left:0\">\n<div class=\"wp-block-group is-layout-flow wp-container-core-group-is-layout-ff697075 wp-block-group-is-layout-flow\">\n<h3 class=\"wp-block-heading has-text-align-left has-superbfont-xlarge-font-size\">Queratina y Alisado Brasile\u00f1o<\/h3>\n\n\n\n<p class=\"has-text-align-left has-secondary-color has-text-color has-superbfont-small-font-size\">La t\u00e9cnica brasile\u00f1a m\u00e1s solicitada en Europa \u2014 aprende a hacerla correctamente<\/p>\n\n\n\n<p class=\"has-text-align-left has-secondary-color has-text-color has-superbfont-small-font-size\"><\/p>\n<\/div>\n<\/div>\n\n\n\n<div class=\"wp-block-column is-vertically-aligned-center is-layout-flow wp-container-core-column-is-layout-40a2a7e8 wp-block-column-is-layout-flow\" style=\"padding-right:0;padding-bottom:0;padding-left:0\">\n<figure class=\"wp-block-image size-full has-custom-border\"><img loading=\"lazy\" decoding=\"async\" width=\"550\" height=\"488\" src=\"https:\/\/sandraluzz.com\/wp-content\/uploads\/2026\/08\/queratinayalisadodepelocorrecciondecolortecnicasdecorteycolorpeluqueriahair4.jpg\" alt=\"\" class=\"wp-image-229\" style=\"border-radius:8px\" srcset=\"https:\/\/sandraluzz.com\/wp-content\/uploads\/2026\/08\/queratinayalisadodepelocorrecciondecolortecnicasdecorteycolorpeluqueriahair4.jpg 550w, https:\/\/sandraluzz.com\/wp-content\/uploads\/2026\/08\/queratinayalisadodepelocorrecciondecolortecnicasdecorteycolorpeluqueriahair4-300x266.jpg 300w, https:\/\/sandraluzz.com\/wp-content\/uploads\/2026\/08\/queratinayalisadodepelocorrecciondecolortecnicasdecorteycolorpeluqueriahair4-14x12.jpg 14w\" sizes=\"auto, (max-width: 550px) 100vw, 550px\" \/><\/figure>\n<\/div>\n<\/div>\n<\/div>\n\n\n\n<div class=\"wp-block-group alignfull has-mono-4-background-color has-background has-global-padding is-layout-constrained wp-container-core-group-is-layout-c3433f61 wp-block-group-is-layout-constrained\" style=\"margin-top:0;margin-bottom:0;padding-top:var(--wp--preset--spacing--superbspacing-xxlarge);padding-right:var(--wp--preset--spacing--superbspacing-small);padding-bottom:var(--wp--preset--spacing--superbspacing-xxlarge);padding-left:var(--wp--preset--spacing--superbspacing-small)\">\n<div class=\"wp-block-columns alignwide is-layout-flex wp-container-core-columns-is-layout-25593187 wp-block-columns-is-layout-flex\">\n<div class=\"wp-block-column is-vertically-aligned-center is-layout-flow wp-container-core-column-is-layout-a1628350 wp-block-column-is-layout-flow\" style=\"padding-top:0;padding-right:0;padding-bottom:0;padding-left:0\">\n<div class=\"wp-block-group is-layout-flow wp-container-core-group-is-layout-ff697075 wp-block-group-is-layout-flow\">\n<h3 class=\"wp-block-heading has-text-align-left has-superbfont-xlarge-font-size\">Arquitectura del Color\u2122 \u2014 Mechas y Color con Prop\u00f3sito<\/h3>\n\n\n\n<p class=\"has-text-align-left has-secondary-color has-text-color has-superbfont-small-font-size\">El m\u00e9todo exclusivo de Sandra para dise\u00f1ar el color con intenci\u00f3n, visagismo y resultado diferenciado<\/p>\n\n\n\n<p class=\"has-text-align-left has-secondary-color has-text-color has-superbfont-small-font-size\"><\/p>\n<\/div>\n<\/div>\n\n\n\n<div class=\"wp-block-column is-vertically-aligned-center is-layout-flow wp-container-core-column-is-layout-40a2a7e8 wp-block-column-is-layout-flow\" style=\"padding-right:0;padding-bottom:0;padding-left:0\">\n<figure class=\"wp-block-image size-full has-custom-border\"><img loading=\"lazy\" decoding=\"async\" width=\"550\" height=\"484\" src=\"https:\/\/sandraluzz.com\/wp-content\/uploads\/2026\/08\/mechasqueratinayalisadodepelocorrecciondecolortecnicasdecorteycolorpeluqueriahair5.jpg\" alt=\"\" class=\"wp-image-230\" style=\"border-radius:8px\" srcset=\"https:\/\/sandraluzz.com\/wp-content\/uploads\/2026\/08\/mechasqueratinayalisadodepelocorrecciondecolortecnicasdecorteycolorpeluqueriahair5.jpg 550w, https:\/\/sandraluzz.com\/wp-content\/uploads\/2026\/08\/mechasqueratinayalisadodepelocorrecciondecolortecnicasdecorteycolorpeluqueriahair5-300x264.jpg 300w, https:\/\/sandraluzz.com\/wp-content\/uploads\/2026\/08\/mechasqueratinayalisadodepelocorrecciondecolortecnicasdecorteycolorpeluqueriahair5-14x12.jpg 14w\" sizes=\"auto, (max-width: 550px) 100vw, 550px\" \/><\/figure>\n<\/div>\n<\/div>\n<\/div>\n\n\n\n<div class=\"wp-block-group alignfull has-base-background-color has-background has-global-padding is-layout-constrained wp-container-core-group-is-layout-8e9096b7 wp-block-group-is-layout-constrained\" style=\"margin-top:0;margin-bottom:0;padding-top:var(--wp--preset--spacing--superbspacing-xxlarge);padding-right:var(--wp--preset--spacing--superbspacing-small);padding-bottom:var(--wp--preset--spacing--superbspacing-xxlarge);padding-left:var(--wp--preset--spacing--superbspacing-small)\">\n<h5 class=\"wp-block-heading\">\u2b50 Por qu\u00e9 elegirnos<\/h5>\n\n\n\n<h2 class=\"wp-block-heading\">Lo que nos hace&nbsp;<em>diferentes<\/em><\/h2>\n\n\n\n<p>No somos una academia masiva. Somos una formaci\u00f3n de verdad, con la persona que m\u00e1s sabe.<\/p>\n\n\n\n<div class=\"wp-block-columns alignwide is-layout-flex wp-container-core-columns-is-layout-25593187 wp-block-columns-is-layout-flex\">\n<div class=\"wp-block-column is-vertically-aligned-center is-layout-flow wp-container-core-column-is-layout-8a368f38 wp-block-column-is-layout-flow\">\n<div class=\"wp-block-group has-mono-4-background-color has-background has-global-padding is-content-justification-left is-layout-constrained wp-container-core-group-is-layout-bcc04a8e wp-block-group-is-layout-constrained\" style=\"border-radius:8px;padding-top:var(--wp--preset--spacing--superbspacing-medium);padding-right:var(--wp--preset--spacing--superbspacing-medium);padding-bottom:var(--wp--preset--spacing--superbspacing-medium);padding-left:var(--wp--preset--spacing--superbspacing-medium)\">\n<h3 class=\"wp-block-heading has-text-align-center\">\ud83c\udfc6<\/h3>\n\n\n\n<div class=\"wp-block-group has-global-padding is-layout-constrained wp-container-core-group-is-layout-d598ad9d wp-block-group-is-layout-constrained\">\n<h1 class=\"wp-block-heading has-text-align-left has-contrast-color has-text-color has-alegreya-font-family has-superbfont-medium-font-size\">+30 a\u00f1os de experiencia <\/h1>\n\n\n\n<p class=\"has-text-align-left has-secondary-color has-text-color has-superbfont-xsmall-font-size\">Aprendes con quien lleva d\u00e9cadas en el sector y ha trabajado con los grandes nombres.<\/p>\n\n\n\n<p class=\"has-text-align-left has-secondary-color has-text-color has-superbfont-xsmall-font-size\"><\/p>\n<\/div>\n<\/div>\n<\/div>\n\n\n\n<div class=\"wp-block-column is-vertically-aligned-center is-layout-flow wp-container-core-column-is-layout-8a368f38 wp-block-column-is-layout-flow\">\n<div class=\"wp-block-group has-mono-4-background-color has-background has-global-padding is-content-justification-left is-layout-constrained wp-container-core-group-is-layout-bcc04a8e wp-block-group-is-layout-constrained\" style=\"border-radius:8px;padding-top:var(--wp--preset--spacing--superbspacing-medium);padding-right:var(--wp--preset--spacing--superbspacing-medium);padding-bottom:var(--wp--preset--spacing--superbspacing-medium);padding-left:var(--wp--preset--spacing--superbspacing-medium)\">\n<h3 class=\"wp-block-heading has-text-align-center\">\ud83d\udc65<\/h3>\n\n\n\n<div class=\"wp-block-group has-global-padding is-layout-constrained wp-container-core-group-is-layout-d598ad9d wp-block-group-is-layout-constrained\">\n<h3 class=\"wp-block-heading has-text-align-left has-contrast-color has-text-color has-alegreya-font-family has-superbfont-medium-font-size\">Grupos muy reducidos<\/h3>\n\n\n\n<p class=\"has-text-align-left has-secondary-color has-text-color has-superbfont-xsmall-font-size\">Grupos reducidos y atenci\u00f3n personalizada. Sin perderte entre la masa.<\/p>\n\n\n\n<p class=\"has-text-align-left has-secondary-color has-text-color has-superbfont-xsmall-font-size\"><\/p>\n<\/div>\n<\/div>\n<\/div>\n\n\n\n<div class=\"wp-block-column is-vertically-aligned-center is-layout-flow wp-container-core-column-is-layout-e38e6d2d wp-block-column-is-layout-flow\">\n<div class=\"wp-block-group has-mono-4-background-color has-background has-global-padding is-content-justification-left is-layout-constrained wp-container-core-group-is-layout-bcc04a8e wp-block-group-is-layout-constrained\" style=\"border-radius:8px;padding-top:var(--wp--preset--spacing--superbspacing-medium);padding-right:var(--wp--preset--spacing--superbspacing-medium);padding-bottom:var(--wp--preset--spacing--superbspacing-medium);padding-left:var(--wp--preset--spacing--superbspacing-medium)\">\n<h3 class=\"wp-block-heading has-text-align-center\">\u270b<\/h3>\n\n\n\n<div class=\"wp-block-group has-global-padding is-layout-constrained wp-container-core-group-is-layout-d598ad9d wp-block-group-is-layout-constrained\">\n<h3 class=\"wp-block-heading has-text-align-left has-contrast-color has-text-color has-alegreya-font-family has-superbfont-medium-font-size\">100% pr\u00e1ctico<\/h3>\n\n\n\n<p class=\"has-text-align-left has-secondary-color has-text-color has-superbfont-xsmall-font-size\">Trabajas con modelos reales en un sal\u00f3n real. Te vas sabiendo hacer, no solo sabiendo la teor\u00eda.<\/p>\n\n\n\n<p class=\"has-text-align-left has-secondary-color has-text-color has-superbfont-xsmall-font-size\"><\/p>\n<\/div>\n<\/div>\n<\/div>\n<\/div>\n\n\n\n<div class=\"wp-block-columns alignwide is-layout-flex wp-container-core-columns-is-layout-25593187 wp-block-columns-is-layout-flex\">\n<div class=\"wp-block-column is-vertically-aligned-center is-layout-flow wp-container-core-column-is-layout-8a368f38 wp-block-column-is-layout-flow\">\n<div class=\"wp-block-group has-mono-4-background-color has-background has-global-padding is-content-justification-left is-layout-constrained wp-container-core-group-is-layout-bcc04a8e wp-block-group-is-layout-constrained\" style=\"border-radius:8px;padding-top:var(--wp--preset--spacing--superbspacing-medium);padding-right:var(--wp--preset--spacing--superbspacing-medium);padding-bottom:var(--wp--preset--spacing--superbspacing-medium);padding-left:var(--wp--preset--spacing--superbspacing-medium)\">\n<h3 class=\"wp-block-heading has-text-align-center\">\ud83d\udcdc<\/h3>\n\n\n\n<div class=\"wp-block-group has-global-padding is-layout-constrained wp-container-core-group-is-layout-d598ad9d wp-block-group-is-layout-constrained\">\n<h3 class=\"wp-block-heading has-text-align-left has-contrast-color has-text-color has-alegreya-font-family has-superbfont-medium-font-size\">Certificado profesional<\/h3>\n\n\n\n<p class=\"has-text-align-left has-secondary-color has-text-color has-superbfont-xsmall-font-size\">Cada formaci\u00f3n termina con un certificado firmado por Sandra Luz que avala tu aprendizaje.<\/p>\n\n\n\n<p class=\"has-text-align-left has-secondary-color has-text-color has-superbfont-xsmall-font-size\"><\/p>\n<\/div>\n<\/div>\n<\/div>\n\n\n\n<div class=\"wp-block-column is-vertically-aligned-center is-layout-flow wp-container-core-column-is-layout-8a368f38 wp-block-column-is-layout-flow\">\n<div class=\"wp-block-group has-mono-4-background-color has-background has-global-padding is-content-justification-left is-layout-constrained wp-container-core-group-is-layout-bcc04a8e wp-block-group-is-layout-constrained\" style=\"border-radius:8px;padding-top:var(--wp--preset--spacing--superbspacing-medium);padding-right:var(--wp--preset--spacing--superbspacing-medium);padding-bottom:var(--wp--preset--spacing--superbspacing-medium);padding-left:var(--wp--preset--spacing--superbspacing-medium)\">\n<h3 class=\"wp-block-heading has-text-align-center\">\ud83d\udccd<\/h3>\n\n\n\n<div class=\"wp-block-group has-global-padding is-layout-constrained wp-container-core-group-is-layout-d598ad9d wp-block-group-is-layout-constrained\">\n<h3 class=\"wp-block-heading has-text-align-left has-contrast-color has-text-color has-alegreya-font-family has-superbfont-medium-font-size\">Flexible en ubicaci\u00f3n<\/h3>\n\n\n\n<p class=\"has-text-align-left has-secondary-color has-text-color has-superbfont-xsmall-font-size\">Formaci\u00f3n en el sal\u00f3n de Sandra en el Eixample de Barcelona, o en tu propio sal\u00f3n con tu equipo.<\/p>\n\n\n\n<p class=\"has-text-align-left has-secondary-color has-text-color has-superbfont-xsmall-font-size\"><\/p>\n<\/div>\n<\/div>\n<\/div>\n\n\n\n<div class=\"wp-block-column is-vertically-aligned-center is-layout-flow wp-container-core-column-is-layout-e38e6d2d wp-block-column-is-layout-flow\">\n<div class=\"wp-block-group has-mono-4-background-color has-background has-global-padding is-content-justification-left is-layout-constrained wp-container-core-group-is-layout-bcc04a8e wp-block-group-is-layout-constrained\" style=\"border-radius:8px;padding-top:var(--wp--preset--spacing--superbspacing-medium);padding-right:var(--wp--preset--spacing--superbspacing-medium);padding-bottom:var(--wp--preset--spacing--superbspacing-medium);padding-left:var(--wp--preset--spacing--superbspacing-medium)\">\n<h3 class=\"wp-block-heading has-text-align-center\">\ud83d\udca1<\/h3>\n\n\n\n<div class=\"wp-block-group has-global-padding is-layout-constrained wp-container-core-group-is-layout-d598ad9d wp-block-group-is-layout-constrained\">\n<h3 class=\"wp-block-heading has-text-align-left has-contrast-color has-text-color has-alegreya-font-family has-superbfont-medium-font-size\">M\u00e1s que t\u00e9cnica: negocio<\/h3>\n\n\n\n<p class=\"has-text-align-left has-secondary-color has-text-color has-superbfont-xsmall-font-size\">En cada curso aprendes tambi\u00e9n c\u00f3mo vender el servicio, cobrar lo que vale y fidelizar clientas.<\/p>\n\n\n\n<p class=\"has-text-align-left has-secondary-color has-text-color has-superbfont-xsmall-font-size\"><\/p>\n<\/div>\n<\/div>\n<\/div>\n<\/div>\n\n\n\n<div class=\"wp-block-cover alignwide\" style=\"border-radius:8px;padding-top:var(--wp--preset--spacing--superbspacing-xxlarge);padding-right:var(--wp--preset--spacing--superbspacing-medium);padding-bottom:var(--wp--preset--spacing--superbspacing-xxlarge);padding-left:var(--wp--preset--spacing--superbspacing-medium)\"><img loading=\"lazy\" decoding=\"async\" width=\"1024\" height=\"439\" class=\"wp-block-cover__image-background wp-image-245 size-large\" alt=\"\" src=\"https:\/\/sandraluzz.com\/wp-content\/uploads\/2026\/08\/Certificadoformaciondepeluqueriahmegahairtecnicas-1024x439.png\" data-object-fit=\"cover\" srcset=\"https:\/\/sandraluzz.com\/wp-content\/uploads\/2026\/08\/Certificadoformaciondepeluqueriahmegahairtecnicas-1024x439.png 1024w, https:\/\/sandraluzz.com\/wp-content\/uploads\/2026\/08\/Certificadoformaciondepeluqueriahmegahairtecnicas-300x129.png 300w, https:\/\/sandraluzz.com\/wp-content\/uploads\/2026\/08\/Certificadoformaciondepeluqueriahmegahairtecnicas-768x329.png 768w, https:\/\/sandraluzz.com\/wp-content\/uploads\/2026\/08\/Certificadoformaciondepeluqueriahmegahairtecnicas-1536x659.png 1536w, https:\/\/sandraluzz.com\/wp-content\/uploads\/2026\/08\/Certificadoformaciondepeluqueriahmegahairtecnicas-18x8.png 18w, https:\/\/sandraluzz.com\/wp-content\/uploads\/2026\/08\/Certificadoformaciondepeluqueriahmegahairtecnicas.png 1915w\" sizes=\"auto, (max-width: 1024px) 100vw, 1024px\" \/><span aria-hidden=\"true\" class=\"wp-block-cover__background has-background-dim-20 has-background-dim\" style=\"background-color:#44372c\"><\/span><div class=\"wp-block-cover__inner-container has-global-padding is-layout-constrained wp-container-core-cover-is-layout-5c6e2135 wp-block-cover-is-layout-constrained\">\n<h1 class=\"wp-block-heading has-text-align-center\"><mark style=\"background-color:rgba(0, 0, 0, 0)\" class=\"has-inline-color has-contrast-light-color\">Certificado&nbsp;incluido<\/mark><\/h1>\n\n\n\n<div class=\"wp-block-columns is-layout-flex wp-container-core-columns-is-layout-28f84493 wp-block-columns-is-layout-flex\">\n<div class=\"wp-block-column is-layout-flow wp-block-column-is-layout-flow\" style=\"flex-basis:100%\">\n<div class=\"wp-block-group has-global-padding is-layout-constrained wp-container-core-group-is-layout-e52907a5 wp-block-group-is-layout-constrained\">\n<p class=\"has-text-align-center has-contrast-light-color has-text-color has-superbfont-small-font-size\">Al completar cualquier formaci\u00f3n recibes un certificado profesional emitido y firmado por Sandra Luz \u2014 un documento real que acredita tu aprendizaje y suma valor a tu perfil profesional.<\/p>\n\n\n\n<p class=\"has-text-align-center has-contrast-light-color has-text-color has-superbfont-small-font-size\"><\/p>\n<\/div>\n<\/div>\n<\/div>\n\n\n\n<div class=\"wp-block-buttons is-content-justification-center is-layout-flex wp-container-core-buttons-is-layout-a89b3969 wp-block-buttons-is-layout-flex\">\n<div class=\"wp-block-button is-style-outline is-style-outline--6\"><a class=\"wp-block-button__link has-base-color has-text-color has-superbfont-small-font-size has-text-align-center has-custom-font-size wp-element-button\" href=\"#\" style=\"border-width:2px;border-radius:0px\">\u2705 Nombre del alumno<\/a><\/div>\n\n\n\n<div class=\"wp-block-button is-style-outline is-style-outline--7\"><a class=\"wp-block-button__link has-base-color has-text-color has-superbfont-small-font-size has-text-align-center has-custom-font-size wp-element-button\" href=\"#\" style=\"border-width:2px;border-radius:0px\">\u2705 Formaci\u00f3n realizada<\/a><\/div>\n\n\n\n<div class=\"wp-block-button is-style-outline is-style-outline--8\"><a class=\"wp-block-button__link has-base-color has-text-color has-superbfont-small-font-size has-text-align-center has-custom-font-size wp-element-button\" href=\"#\" style=\"border-width:2px;border-radius:0px\">\u2705 Firma de Sandra Luz<\/a><\/div>\n\n\n\n<div class=\"wp-block-button is-style-outline is-style-outline--9\"><a class=\"wp-block-button__link has-base-color has-text-color has-superbfont-small-font-size has-text-align-center has-custom-font-size wp-element-button\" href=\"#\" style=\"border-width:2px;border-radius:0px\">\u2705 Fecha de finalizaci\u00f3n<\/a><\/div>\n\n\n\n<div class=\"wp-block-button is-style-outline is-style-outline--10\"><a class=\"wp-block-button__link has-base-color has-text-color has-superbfont-small-font-size has-text-align-center has-custom-font-size wp-element-button\" href=\"#\" style=\"border-width:2px;border-radius:0px\">\u2705 Horas lectivas<\/a><\/div>\n<\/div>\n<\/div><\/div>\n<\/div>\n\n\n\n<div class=\"wp-block-group alignfull has-base-background-color has-background has-global-padding is-layout-constrained wp-container-core-group-is-layout-8e9096b7 wp-block-group-is-layout-constrained\" style=\"margin-top:0;margin-bottom:0;padding-top:var(--wp--preset--spacing--superbspacing-xxlarge);padding-right:var(--wp--preset--spacing--superbspacing-small);padding-bottom:var(--wp--preset--spacing--superbspacing-xxlarge);padding-left:var(--wp--preset--spacing--superbspacing-small)\">\n<h2 class=\"wp-block-heading has-text-align-center\">\u00bfLista para empezar?<\/h2>\n\n\n\n<p class=\"has-text-align-center\">Contacta con nuestro equipo. Te ayudamos a elegir la formaci\u00f3n ideal, consultar fechas disponibles o preparar una mentor\u00eda en tu sal\u00f3n.<\/p>\n\n\n\n<div class=\"wp-block-columns alignwide is-layout-flex wp-container-core-columns-is-layout-25593187 wp-block-columns-is-layout-flex\">\n<div class=\"wp-block-column is-vertically-aligned-center is-layout-flow wp-container-core-column-is-layout-8a368f38 wp-block-column-is-layout-flow\">\n<div class=\"wp-block-group has-primary-background-color has-background has-global-padding is-content-justification-left is-layout-constrained wp-container-core-group-is-layout-bcc04a8e wp-block-group-is-layout-constrained\" style=\"border-radius:8px;padding-top:var(--wp--preset--spacing--superbspacing-medium);padding-right:var(--wp--preset--spacing--superbspacing-medium);padding-bottom:var(--wp--preset--spacing--superbspacing-medium);padding-left:var(--wp--preset--spacing--superbspacing-medium)\">\n<h2 class=\"wp-block-heading has-text-align-left has-contrast-light-color has-text-color has-superbfont-small-font-size\">\ud83d\udccd<strong>Lugar: <\/strong>Eixample, Barcelona, Espa\u00f1a \u2014 o en tu sal\u00f3n<\/h2>\n\n\n\n<h2 class=\"wp-block-heading has-text-align-left has-contrast-light-color has-text-color has-superbfont-small-font-size\"><strong><strong>\ud83d\udcf2&nbsp;<strong>WhatsApp<\/strong>:<\/strong> <\/strong><a href=\"https:\/\/api.whatsapp.com\/send?phone=34600325248\"><mark style=\"background-color:rgba(0, 0, 0, 0)\" class=\"has-inline-color has-contrast-light-color\">+34 600 325 248<\/mark><\/a><\/h2>\n\n\n\n<h2 class=\"wp-block-heading has-text-align-left has-contrast-light-color has-text-color has-superbfont-small-font-size\"><strong><strong>\ud83d\udce7&nbsp;<strong>Email:<\/strong><\/strong> <\/strong><a href=\"mailto:contacto.sandraluzacademy@gmail.com\"><mark style=\"background-color:rgba(0, 0, 0, 0)\" class=\"has-inline-color has-contrast-light-color\">contacto.sandraluzacademy@gmail.com<\/mark><\/a><\/h2>\n\n\n\n<h2 class=\"wp-block-heading has-text-align-left has-contrast-light-color has-text-color has-superbfont-small-font-size\"><strong>\ud83d\udcf8&nbsp;<strong>Instagram:<\/strong> <\/strong><a href=\"https:\/\/instagram.com\/sandraluzzacademy\" target=\"_blank\" rel=\"noreferrer noopener\"><mark style=\"background-color:rgba(0, 0, 0, 0)\" class=\"has-inline-color has-contrast-light-color\">@sandraluzzacademy<\/mark><\/a><\/h2>\n\n\n\n<h2 class=\"wp-block-heading has-text-align-left has-contrast-light-color has-text-color has-superbfont-small-font-size\"><strong>\ud83d\uddd3\ufe0f&nbsp;<strong>Fechas:<\/strong> <\/strong>Consulta disponibilidad con nuestro equipo<\/h2>\n<\/div>\n<\/div>\n<\/div>\n<\/div>","protected":false},"excerpt":{"rendered":"<p>Sandra Luz Especialista en Peluquer\u00eda \u00b7 Formadora Profesional \u00b7 Barcelona Con m\u00e1s de tres d\u00e9cadas dedicadas al arte del cabello, Sandra Luz es una referencia en Barcelona. Especialista en rubios, mechas, colorimetr\u00eda, peinados de evento y keratina brasile\u00f1a \u2014 ha formado a decenas de profesionales y trabajado con los grandes nombres del sector. Ahora comparte [&hellip;]<\/p>\n","protected":false},"author":1,"featured_media":0,"parent":0,"menu_order":0,"comment_status":"closed","ping_status":"closed","template":"superbaddons-page-template","meta":{"footnotes":""},"class_list":["post-206","page","type-page","status-publish","hentry"],"_links":{"self":[{"href":"https:\/\/sandraluzz.com\/pt\/wp-json\/wp\/v2\/pages\/206","targetHints":{"allow":["GET"]}}],"collection":[{"href":"https:\/\/sandraluzz.com\/pt\/wp-json\/wp\/v2\/pages"}],"about":[{"href":"https:\/\/sandraluzz.com\/pt\/wp-json\/wp\/v2\/types\/page"}],"author":[{"embeddable":true,"href":"https:\/\/sandraluzz.com\/pt\/wp-json\/wp\/v2\/users\/1"}],"replies":[{"embeddable":true,"href":"https:\/\/sandraluzz.com\/pt\/wp-json\/wp\/v2\/comments?post=206"}],"version-history":[{"count":7,"href":"https:\/\/sandraluzz.com\/pt\/wp-json\/wp\/v2\/pages\/206\/revisions"}],"predecessor-version":[{"id":261,"href":"https:\/\/sandraluzz.com\/pt\/wp-json\/wp\/v2\/pages\/206\/revisions\/261"}],"wp:attachment":[{"href":"https:\/\/sandraluzz.com\/pt\/wp-json\/wp\/v2\/media?parent=206"}],"curies":[{"name":"wp","href":"https:\/\/api.w.org\/{rel}","templated":true}]}}